{"id":39466,"date":"2020-01-27T11:44:16","date_gmt":"2020-01-27T11:44:16","guid":{"rendered":"https:\/\/campingpuroalentejo.com\/gr\/?page_id=39466"},"modified":"2023-05-03T16:00:01","modified_gmt":"2023-05-03T16:00:01","slug":"o-que-fazer","status":"publish","type":"page","link":"https:\/\/campingpuroalentejo.com\/gr\/o-que-fazer\/","title":{"rendered":"O que fazer"},"content":{"rendered":"<p>[et_pb_section fb_built=&#8221;1&#8243; next_background_color=&#8221;#f2f2f2&#8243; _builder_version=&#8221;4.3.4&#8243; background_image=&#8221;https:\/\/campingpuroalentejo.com\/gr\/wp-content\/uploads\/2020\/03\/CPA_OQueFazer_top_bg_01.jpg&#8221; custom_margin=&#8221;0px||0px||true|false&#8221; custom_padding=&#8221;0px||0px||true|false&#8221; bottom_divider_style=&#8221;triangle&#8221; bottom_divider_height=&#8221;30px&#8221; bottom_divider_flip=&#8221;vertical&#8221; bottom_divider_arrangement=&#8221;above_content&#8221; locked=&#8221;off&#8221;][et_pb_row _builder_version=&#8221;4.2.2&#8243; custom_margin=&#8221;0px||0px||true|false&#8221; custom_padding=&#8221;50px||100px||false|false&#8221;][et_pb_column type=&#8221;4_4&#8243; _builder_version=&#8221;4.2.2&#8243;][et_pb_text _builder_version=&#8221;4.4.7&#8243; text_font=&#8221;||||||||&#8221; header_font=&#8221;||||||||&#8221; header_text_align=&#8221;center&#8221; background_layout=&#8221;dark&#8221; custom_margin=&#8221;0px||0px||true&#8221; custom_padding=&#8221;0px||0px||true&#8221; locked=&#8221;off&#8221;]<\/p>\n<h1 style=\"padding-bottom: 0px;\">Unternehmungen<\/h1>\n<p>[\/et_pb_text][et_pb_divider color=&#8221;#e6c792&#8243; divider_position=&#8221;center&#8221; divider_weight=&#8221;3px&#8221; _builder_version=&#8221;4.2.2&#8243; max_width=&#8221;60px&#8221; module_alignment=&#8221;center&#8221; height=&#8221;30px&#8221; custom_margin=&#8221;0px||20px||false|false&#8221; custom_padding=&#8221;0px||0px||true&#8221; locked=&#8221;off&#8221;][\/et_pb_divider][et_pb_text _builder_version=&#8221;4.4.0&#8243; text_font=&#8221;||||||||&#8221; text_font_size=&#8221;18px&#8221; header_font=&#8221;||||||||&#8221; header_text_align=&#8221;left&#8221; text_orientation=&#8221;center&#8221; background_layout=&#8221;dark&#8221; max_width=&#8221;770px&#8221; module_alignment=&#8221;center&#8221; custom_margin=&#8221;0px||0px||true&#8221; custom_padding=&#8221;0px||0px||true&#8221; locked=&#8221;off&#8221;]Sie k\u00f6nnen auch einfach nichts tun, niemand wird Sie daf\u00fcr verurteilen. Doch wenn Sie historische und kulturelle Ausfl\u00fcge, Wein und Weing\u00e4rten, Gastronomie, Vogelsafari, Radfahren und Spazieren lieben, sind Sie am richtigen Ort.[\/et_pb_text][\/et_pb_column][\/et_pb_row][\/et_pb_section][et_pb_section fb_built=&#8221;1&#8243; custom_padding_last_edited=&#8221;on|desktop&#8221; _builder_version=&#8221;4.2.2&#8243; background_color=&#8221;#f2f2f2&#8243; custom_margin=&#8221;0px||0px||true&#8221; custom_padding=&#8221;90px||90px||true|&#8221; custom_padding_tablet=&#8221;70px||70px||true&#8221; custom_padding_phone=&#8221;60px||60px||true&#8221; locked=&#8221;off&#8221;][et_pb_row column_structure=&#8221;3_5,2_5&#8243; _builder_version=&#8221;4.2.2&#8243; width=&#8221;90%&#8221; max_width=&#8221;1200px&#8221; custom_margin=&#8221;0px||0px||true&#8221; custom_padding=&#8221;0px||0px||true|false&#8221;][et_pb_column type=&#8221;3_5&#8243; _builder_version=&#8221;3.25&#8243; custom_padding=&#8221;|||&#8221; custom_padding__hover=&#8221;|||&#8221;][et_pb_text _builder_version=&#8221;4.4.0&#8243; text_font=&#8221;||||||||&#8221; header_font=&#8221;||||||||&#8221; header_text_align=&#8221;left&#8221; text_orientation=&#8221;justified&#8221; custom_margin=&#8221;0px||0px||true&#8221; custom_padding=&#8221;0px||0px||true&#8221;]<\/p>\n<h1 style=\"padding-bottom: 0px;\">In Elvas<\/h1>\n<p>[\/et_pb_text][et_pb_divider divider_position=&#8221;center&#8221; divider_weight=&#8221;3px&#8221; _builder_version=&#8221;4.2.2&#8243; max_width=&#8221;60px&#8221; module_alignment=&#8221;left&#8221; height=&#8221;30px&#8221; custom_margin=&#8221;0px||20px||false|false&#8221; custom_padding=&#8221;0px||0px||true&#8221;][\/et_pb_divider][et_pb_text _builder_version=&#8221;4.4.0&#8243; text_font=&#8221;||||||||&#8221; header_font=&#8221;||||||||&#8221; header_text_align=&#8221;left&#8221; text_orientation=&#8221;justified&#8221; custom_margin=&#8221;0px||0px||true&#8221; custom_padding=&#8221;0px||0px||true&#8221;]<\/p>\n<p><strong>Garnisonsstadt\u00a0\u2013<\/strong> Die am meisten befestigte Stadt Europas ist 15 Minuten von Camping Puro Alentejo entfernt. 2012 wurde sie von UNESCO zum Weltkulturerbe erkl\u00e4rt. Elvas bietet enormes milit\u00e4risches Erbe, wie das Schloss, das erste Geb\u00e4ude Portugals das zum Denkmal erkl\u00e4rt wurde. Die Mauern aus dem 17. Jahrhundert, das Milit\u00e4rmuseum, die Graca Festung, die Santa Luzia Festung und ihre drei weiteren kleinen Festungen erkl\u00e4ren den Spitznamen der Stadt \u201eK\u00f6nigin der Grenze.\u201c<\/p>\n<p><strong>Religi\u00f6se Stadt \u2013<\/strong> Ein Spaziergang durch das historische Zentrum erm\u00f6glicht einen Blick auf das reiche religi\u00f6se Erbe der Stadt mit wichtigen Bauwerken der christlichen, j\u00fcdischen und muslimischen Kulturen.<\/p>\n<p><strong>Das Amoreira Aqu\u00e4dukt \u2013<\/strong> Ein Denkmal das sich \u00fcber sieben Kilometer bis zu den Stadttoren zieht. Die Arbeiten begannen im Jahr 1530 um Wasser hinauf nach Elvas zu bringen. Die Bauarbeiten wurden jedoch erst ein Jahrhundert sp\u00e4ter beendet. Die vier-st\u00f6ckigen B\u00f6gen erreichen eine beeindruckende H\u00f6he von 31 Metern.<\/p>\n<p>[\/et_pb_text][\/et_pb_column][et_pb_column type=&#8221;2_5&#8243; _builder_version=&#8221;3.25&#8243; custom_padding=&#8221;|||&#8221; custom_padding__hover=&#8221;|||&#8221;][et_pb_gallery gallery_ids=&#8221;42092,42093,42094&#8243; fullwidth=&#8221;on&#8221; module_class=&#8221;Gal_Slider&#8221; _builder_version=&#8221;4.3.4&#8243; custom_margin=&#8221;0px||0px||true|false&#8221; custom_padding=&#8221;0px||0px||true|false&#8221; auto=&#8221;on&#8221; auto_speed=&#8221;3000&#8243; border_width_all=&#8221;12px&#8221; border_color_all=&#8221;#ffffff&#8221;][\/et_pb_gallery][\/et_pb_column][\/et_pb_row][\/et_pb_section][et_pb_section fb_built=&#8221;1&#8243; custom_padding_last_edited=&#8221;on|desktop&#8221; _builder_version=&#8221;4.2.2&#8243; background_color=&#8221;#896e3f&#8221; custom_margin=&#8221;0px||0px||true&#8221; custom_padding=&#8221;90px||90px||true|&#8221; custom_padding_tablet=&#8221;70px||70px||true&#8221; custom_padding_phone=&#8221;60px||60px||true&#8221; locked=&#8221;off&#8221;][et_pb_row column_structure=&#8221;2_5,3_5&#8243; _builder_version=&#8221;4.2.2&#8243; width=&#8221;90%&#8221; max_width=&#8221;1200px&#8221; custom_margin=&#8221;0px||0px||true&#8221; custom_padding=&#8221;0px||0px||true|false&#8221;][et_pb_column type=&#8221;2_5&#8243; _builder_version=&#8221;3.25&#8243; custom_padding=&#8221;|||&#8221; custom_padding__hover=&#8221;|||&#8221;][et_pb_gallery gallery_ids=&#8221;42175,42448,42176&#8243; fullwidth=&#8221;on&#8221; module_class=&#8221;Gal_Slider&#8221; _builder_version=&#8221;4.7.7&#8243; custom_margin=&#8221;0px||0px||true|false&#8221; custom_padding=&#8221;0px||0px||true|false&#8221; auto=&#8221;on&#8221; auto_speed=&#8221;3000&#8243; hover_enabled=&#8221;0&#8243; border_width_all=&#8221;12px&#8221; border_color_all=&#8221;#ffffff&#8221; sticky_enabled=&#8221;0&#8243;][\/et_pb_gallery][\/et_pb_column][et_pb_column type=&#8221;3_5&#8243; _builder_version=&#8221;3.25&#8243; custom_padding=&#8221;|||&#8221; custom_padding__hover=&#8221;|||&#8221;][et_pb_text _builder_version=&#8221;4.4.0&#8243; text_font=&#8221;||||||||&#8221; header_font=&#8221;||||||||&#8221; header_text_align=&#8221;left&#8221; text_orientation=&#8221;justified&#8221; background_layout=&#8221;dark&#8221; custom_margin=&#8221;0px||0px||true&#8221; custom_padding=&#8221;0px||0px||true&#8221;]<\/p>\n<h1 style=\"padding-bottom: 0px;\">In Barbacena<\/h1>\n<p>[\/et_pb_text][et_pb_divider color=&#8221;#e6c792&#8243; divider_position=&#8221;center&#8221; divider_weight=&#8221;3px&#8221; _builder_version=&#8221;4.2.2&#8243; max_width=&#8221;60px&#8221; module_alignment=&#8221;left&#8221; height=&#8221;30px&#8221; custom_margin=&#8221;0px||20px||false|false&#8221; custom_padding=&#8221;0px||0px||true&#8221;][\/et_pb_divider][et_pb_text _builder_version=&#8221;4.4.0&#8243; text_font=&#8221;||||||||&#8221; header_font=&#8221;||||||||&#8221; header_text_align=&#8221;left&#8221; text_orientation=&#8221;justified&#8221; background_layout=&#8221;dark&#8221; custom_margin=&#8221;0px||0px||true&#8221; custom_padding=&#8221;0px||0px||true&#8221;]<\/p>\n<p><strong>Das Dorf \u2013<\/strong> Barbacena war bis 1837 eine eigene Stadt und geh\u00f6rt nun zur Gemeinde von Elvas. Das muslimische Dorf wurde der portugiesischen Krone in der Mitte des 13. Jahrhunderts \u00fcbergeben. Da es sich an der Hauptverteidigungslinie befand, wurde es immer wieder von kastilischen Truppen attackiert, bis es im 20. Jahrhundert an Stabilit\u00e4t gewann. Dieses Alentejo Dorf zeigt sein historisches und wichtiges Erbe mit Denkm\u00e4lern wie die Hauptkirche aus 1273, den Dorfpranger aus dem 14. Jahrhundert, die Kirche des Hl. Sebastian (S\u00e3o Sebasti\u00e3o) und die Kirche Nossa Senhora do Pa\u00e7o, beide zwischen dem 16. und 17. Jahrhundert entstanden, und der Santo Calv\u00e1rio oder Chapel of Nazar\u00e9 aus dem 18. Jahrhundert.<\/p>\n<p><strong>Anta da Coutada de Barbacena \u2013<\/strong> Ein Nationaldenkmal aus dem Neo-Chalkolithikum oder der Kupfer Zeit. Einer der 13 Dolmen der vom Patrimonium und Kulturamt klassifiziert wurde und Teil von Elvas arch\u00e4ologischer Dolmen Route ist.<\/p>\n<p><strong>Schloss Barbacena \u2013<\/strong> Es ist ein Befestigungsbau der Teil einer pr\u00e4chtigen Reihe von milit\u00e4rischen architektonischen Denkm\u00e4lern dieser Region ist. Heutzutage ist das Schloss in Privatbesitz. Man geht davon aus, dass es w\u00e4hrend der Herrschaft von K\u00f6nig Alfonso II (1248-1279) auf einer vorr\u00f6mischen Befestigung erbaut wurde. Es wurde mehrmals von den Kastilianern attackiert und nach Restaurierungsarbeiten im Auftrag von K\u00f6nig Manuel I (1495-1521) wurde es 1645 w\u00e4hrend dem Restaurationskrieg erneut von kastilischen Truppen eingenommen.<\/p>\n<p>[\/et_pb_text][\/et_pb_column][\/et_pb_row][\/et_pb_section][et_pb_section fb_built=&#8221;1&#8243; custom_padding_last_edited=&#8221;on|desktop&#8221; _builder_version=&#8221;4.2.2&#8243; background_color=&#8221;#f2f2f2&#8243; custom_margin=&#8221;0px||0px||true&#8221; custom_padding=&#8221;90px||90px||true|&#8221; custom_padding_tablet=&#8221;70px||70px||true&#8221; custom_padding_phone=&#8221;60px||60px||true&#8221; locked=&#8221;off&#8221;][et_pb_row column_structure=&#8221;3_5,2_5&#8243; _builder_version=&#8221;4.2.2&#8243; width=&#8221;90%&#8221; max_width=&#8221;1200px&#8221; custom_margin=&#8221;0px||0px||true&#8221; custom_padding=&#8221;0px||40px||false|false&#8221;][et_pb_column type=&#8221;3_5&#8243; _builder_version=&#8221;3.25&#8243; custom_padding=&#8221;|||&#8221; custom_padding__hover=&#8221;|||&#8221;][et_pb_text _builder_version=&#8221;4.4.0&#8243; text_font=&#8221;||||||||&#8221; header_font=&#8221;||||||||&#8221; header_text_align=&#8221;left&#8221; text_orientation=&#8221;justified&#8221; custom_margin=&#8221;0px||0px||true&#8221; custom_padding=&#8221;0px||0px||true&#8221;]<\/p>\n<h1 style=\"padding-bottom: 0px;\">Im Umkreis von 30 km<\/h1>\n<p>[\/et_pb_text][et_pb_divider divider_position=&#8221;center&#8221; divider_weight=&#8221;3px&#8221; _builder_version=&#8221;4.2.2&#8243; max_width=&#8221;60px&#8221; module_alignment=&#8221;left&#8221; height=&#8221;30px&#8221; custom_margin=&#8221;0px||20px||false|false&#8221; custom_padding=&#8221;0px||0px||true&#8221;][\/et_pb_divider][et_pb_text _builder_version=&#8221;4.4.0&#8243; text_font=&#8221;||||||||&#8221; header_font=&#8221;||||||||&#8221; header_text_align=&#8221;left&#8221; text_orientation=&#8221;justified&#8221; custom_margin=&#8221;0px||0px||true&#8221; custom_padding=&#8221;0px||0px||true&#8221;]<\/p>\n<p><strong>Campo Maior \u2013<\/strong> Die EinwohnerInnen dieses Dorfes sind f\u00fcr ihren starken Sinn f\u00fcr Zusammenhalt bekannt, der besonders beim Festa das Flores (Blumenfestival), auch bekannt als Festa do Povo (Das Festival der Menschen), zum Ausdruck kommt. Es ist ein Fest ohne festgelegtes Datum, das immer dann stattfindet, wenn die BewohnerInnen von Campo Maior entscheiden, tausende Stunden zu investieren, um Rosen, Tulpen und viele andere Blumen aus Papier herzustellen, um die Stra\u00dfen von Campo Maior zu dekorieren. Es gibt einen dunkleren Ort, die Capela dos Ossos (Kapelle der Knochen), erbaut im Jahre 1766, und eine von nur drei solcher Kapellen in Portugal. Wenn Sie Wein-Tourismus lieben, nutzen Sie die Chance und besuchen Sie das ber\u00fchmte Adega Mayor, designt vom ber\u00fchmten Architekten Siza Vieira.<\/p>\n<p><strong>Caia Dam \u2013<\/strong> Der Caia Dam ist der gr\u00f6\u00dfte Damm der Portalegre-Region und besticht durch seine Ruhe und die wundersch\u00f6ne Umgebung. Er ist an der Grenze der Gebiete Elvas, Arronches und Campo Maior. Es sind Wassersportaktivit\u00e4ten und Freizeitaktivit\u00e4ten mit Ausnahme von motorisierten Gef\u00e4hrten erlaubt.<\/p>\n<p>&nbsp;<\/p>\n<p>[\/et_pb_text][\/et_pb_column][et_pb_column type=&#8221;2_5&#8243; _builder_version=&#8221;3.25&#8243; custom_padding=&#8221;|||&#8221; custom_padding__hover=&#8221;|||&#8221;][et_pb_gallery gallery_ids=&#8221;42106,42105&#8243; fullwidth=&#8221;on&#8221; module_class=&#8221;Gal_Slider&#8221; _builder_version=&#8221;4.3.4&#8243; custom_margin=&#8221;0px||0px||true|false&#8221; custom_padding=&#8221;0px||0px||true|false&#8221; auto=&#8221;on&#8221; auto_speed=&#8221;3000&#8243; border_width_all=&#8221;12px&#8221; border_color_all=&#8221;#ffffff&#8221;][\/et_pb_gallery][\/et_pb_column][\/et_pb_row][et_pb_row column_structure=&#8221;2_5,3_5&#8243; _builder_version=&#8221;4.2.2&#8243; width=&#8221;90%&#8221; max_width=&#8221;1200px&#8221; custom_margin=&#8221;0px||0px||true&#8221; custom_padding=&#8221;0px||0px||true|false&#8221;][et_pb_column type=&#8221;2_5&#8243; _builder_version=&#8221;3.25&#8243; custom_padding=&#8221;|||&#8221; custom_padding__hover=&#8221;|||&#8221;][et_pb_gallery gallery_ids=&#8221;42110,42111&#8243; fullwidth=&#8221;on&#8221; module_class=&#8221;Gal_Slider&#8221; _builder_version=&#8221;4.3.4&#8243; custom_margin=&#8221;0px||0px||true|false&#8221; custom_padding=&#8221;0px||0px||true|false&#8221; auto=&#8221;on&#8221; auto_speed=&#8221;3000&#8243; border_width_all=&#8221;12px&#8221; border_color_all=&#8221;#ffffff&#8221;][\/et_pb_gallery][\/et_pb_column][et_pb_column type=&#8221;3_5&#8243; _builder_version=&#8221;3.25&#8243; custom_padding=&#8221;|||&#8221; custom_padding__hover=&#8221;|||&#8221;][et_pb_text _builder_version=&#8221;4.4.0&#8243; text_font=&#8221;||||||||&#8221; header_font=&#8221;||||||||&#8221; header_text_align=&#8221;left&#8221; text_orientation=&#8221;justified&#8221; custom_margin=&#8221;0px||0px||true&#8221; custom_padding=&#8221;0px||0px||true&#8221;]<\/p>\n<p><strong>Borba \u2013<\/strong> Die wundersch\u00f6ne Stadt in Alentejo ist Sitz der Kommunalverwaltung und bekannt f\u00fcr zwei wichtige Produkte: die Weine die unsere Seele w\u00e4rmen und den Marmor, der viele Denkm\u00e4ler und Kirchen ziert. Der \u201eBorba\u201c Wein ist einer der ber\u00fchmtesten in ganz Portugal und kann am besten w\u00e4hrend des j\u00e4hrlichen Wein- und Weingarten Festivals (Festa da Vinha e do Vinho) genossen werden, welches in den ersten zwei November-Wochen stattfindet und jedes Jahr eine gro\u00dfe Zahl an BesucherInnen anzieht.<\/p>\n<p><strong>Monforte \u2013<\/strong> Das Dorf Monforte liegt am Gipfel eines massiven H\u00fcgels am linken Ufer des Robeira Grande, auf einem H\u00fcgel der wom\u00f6glich f\u00fcr den Namen des Dorfes \u201eMonforte\u201c verantwortlich ist. Das bedeutsamste Denkmal des Dorfes ist das Schloss, das mittlerweile eine Ruine ist. Wir empfehlen auch einen Ausflug zur Lusitanisch-R\u00f6mischen Villa des Torre de Palma (Villa Lusitano-Romana de Torre de Palma). Das Handwerk der Region wurde von Generation zu Generation weitergegeben. Besonders typische Handarbeiten bestehen aus Kork, Holz, Stein, Weide, Horn und Leder.<\/p>\n<p>[\/et_pb_text][\/et_pb_column][\/et_pb_row][\/et_pb_section][et_pb_section fb_built=&#8221;1&#8243; custom_padding_last_edited=&#8221;on|desktop&#8221; _builder_version=&#8221;4.3.4&#8243; background_image=&#8221;https:\/\/campingpuroalentejo.com\/gr\/wp-content\/uploads\/2020\/03\/CPA_Footer_bg_02.jpg&#8221; parallax=&#8221;on&#8221; parallax_method=&#8221;off&#8221; custom_margin=&#8221;0px||0px||true&#8221; custom_padding=&#8221;120px||120px||true|&#8221; custom_padding_tablet=&#8221;100px||100px||true&#8221; custom_padding_phone=&#8221;80px||80px||true&#8221; global_module=&#8221;41203&#8243; saved_tabs=&#8221;all&#8221;][et_pb_row _builder_version=&#8221;3.27.3&#8243; width=&#8221;90%&#8221; custom_margin=&#8221;0px||0px||true&#8221; custom_padding=&#8221;0px||0px||true&#8221;][et_pb_column type=&#8221;4_4&#8243; _builder_version=&#8221;3.25&#8243; custom_padding=&#8221;|||&#8221; custom_padding__hover=&#8221;|||&#8221;][et_pb_text disabled_on=&#8221;on|on|off&#8221; _builder_version=&#8221;4.4.0&#8243; text_font=&#8221;||||||||&#8221; text_font_size=&#8221;18px&#8221; header_font=&#8221;||||||||&#8221; header_2_font_size=&#8221;25px&#8221; text_orientation=&#8221;center&#8221; background_layout=&#8221;dark&#8221; max_width=&#8221;730px&#8221; module_alignment=&#8221;center&#8221; custom_margin=&#8221;0px||0px||true&#8221; custom_padding=&#8221;0px||0px||true&#8221; text_font_size_tablet=&#8221;17px&#8221; text_font_size_phone=&#8221;16px&#8221; text_font_size_last_edited=&#8221;on|desktop&#8221; header_2_font_size_tablet=&#8221;22px&#8221; header_2_font_size_phone=&#8221;18px&#8221; header_2_font_size_last_edited=&#8221;on|desktop&#8221;]<\/p>\n<h2 style=\"padding-bottom: 15px;\">Reservieren Sie hier!<\/h2>\n<p>[\/et_pb_text][et_pb_text disabled_on=&#8221;off|off|off&#8221; _builder_version=&#8221;4.4.0&#8243; text_font=&#8221;||||||||&#8221; text_font_size=&#8221;15px&#8221; header_font=&#8221;|700||on|||||&#8221; header_font_size=&#8221;26px&#8221; text_orientation=&#8221;center&#8221; background_layout=&#8221;dark&#8221; module_alignment=&#8221;center&#8221; custom_margin=&#8221;0px||0px||true&#8221; custom_padding=&#8221;0px||0px||true&#8221; header_font_size_tablet=&#8221;22px&#8221; header_font_size_phone=&#8221;18px&#8221; header_font_size_last_edited=&#8221;on|desktop&#8221;]<\/p>\n<h1 style=\"padding-bottom: 0px;\">Kontaktieren Sie uns f\u00fcr n\u00e4here Informationen<\/h1>\n<p>[\/et_pb_text][\/et_pb_column][\/et_pb_row][et_pb_row use_custom_gutter=&#8221;on&#8221; gutter_width=&#8221;2&#8243; _builder_version=&#8221;3.27.4&#8243; max_width=&#8221;660px&#8221; custom_margin=&#8221;0px||0px||true|false&#8221; custom_padding=&#8221;20px||30px||false|false&#8221;][et_pb_column type=&#8221;4_4&#8243; _builder_version=&#8221;3.27.3&#8243;][et_pb_text module_class=&#8221;linkcont01&#8243; _builder_version=&#8221;4.2.2&#8243; text_font=&#8221;|700|||||||&#8221; text_font_size=&#8221;22px&#8221; text_line_height=&#8221;1.5em&#8221; header_font=&#8221;||||||||&#8221; text_orientation=&#8221;center&#8221; background_layout=&#8221;dark&#8221; max_width=&#8221;730px&#8221; module_alignment=&#8221;center&#8221; custom_margin=&#8221;0px||0px||true&#8221; custom_padding=&#8221;0px||0px||true&#8221; text_font_size_tablet=&#8221;20px&#8221; text_font_size_phone=&#8221;&#8221; text_font_size_last_edited=&#8221;on|desktop&#8221;]T. <a class=\"linkparalax01\" href=\"tel:966 828 740\">966 828 740<\/a> <a href=\"mailto:campingpuroalentejo@gmail.com\">campingpuroalentejo@gmail.com<\/a>[\/et_pb_text][\/et_pb_column][\/et_pb_row][et_pb_row module_class=&#8221;btcolor02&#8243; _builder_version=&#8221;4.4.0&#8243; custom_margin=&#8221;0px||0px||true&#8221; custom_padding=&#8221;0px||0px||true&#8221;][et_pb_column type=&#8221;4_4&#8243; _builder_version=&#8221;3.25&#8243; custom_padding=&#8221;|||&#8221; custom_padding__hover=&#8221;|||&#8221;][et_pb_button button_url=&#8221;https:\/\/campingpuroalentejo.com\/gr\/reservas\/&#8221; button_text=&#8221;Reservieren&#8221; button_alignment=&#8221;center&#8221; _builder_version=&#8221;4.4.0&#8243; custom_margin=&#8221;0px||0px||true&#8221;][\/et_pb_button][\/et_pb_column][\/et_pb_row][\/et_pb_section][et_pb_section fb_built=&#8221;1&#8243; disabled_on=&#8221;off|off|off&#8221; _builder_version=&#8221;3.27.3&#8243; background_color=&#8221;#ffffff&#8221; custom_margin=&#8221;0px|0px|0px|0px|true|true&#8221; custom_padding=&#8221;0px|0px|0px|0px|true|true&#8221; custom_padding_tablet=&#8221;0px||0px|&#8221; global_module=&#8221;41197&#8243; saved_tabs=&#8221;all&#8221;][et_pb_row column_structure=&#8221;3_5,2_5&#8243; column_padding_mobile=&#8221;on&#8221; custom_padding_last_edited=&#8221;on|desktop&#8221; module_class=&#8221; et_pb_row_fullwidth&#8221; _builder_version=&#8221;3.27.3&#8243; background_size=&#8221;initial&#8221; background_position=&#8221;top_left&#8221; background_repeat=&#8221;repeat&#8221; width=&#8221;95%&#8221; max_width=&#8221;95%&#8221; module_alignment=&#8221;center&#8221; custom_margin=&#8221;0px|0px|0px|0px|true|true&#8221; custom_padding=&#8221;40px|0px|40px|0px|true|true&#8221; custom_padding_tablet=&#8221;|25px||25px|true|true&#8221; custom_padding_phone=&#8221;||||true|true&#8221; make_fullwidth=&#8221;on&#8221;][et_pb_column type=&#8221;3_5&#8243; _builder_version=&#8221;3.25&#8243; custom_padding=&#8221;|||&#8221; custom_padding__hover=&#8221;|||&#8221;][et_pb_text admin_label=&#8221;Rodape nome do site&#8221; module_class=&#8221;LinkFooterBranco&#8221; _builder_version=&#8221;4.4.7&#8243; text_font=&#8221;||||||||&#8221; text_font_size=&#8221;12px&#8221; text_line_height=&#8221;1.4em&#8221; background_size=&#8221;initial&#8221; background_position=&#8221;top_left&#8221; background_repeat=&#8221;repeat&#8221; custom_margin=&#8221;0px||0px||true&#8221; custom_padding=&#8221;0px||0px||true&#8221; text_text_align=&#8221;left&#8221; text_text_align_tablet=&#8221;center&#8221; text_text_align_last_edited=&#8221;on|desktop&#8221;]<\/p>\n<p style=\"padding-bottom: 8px; font-size: 14px;\">\u00a9 CAMPING PURO ALENTEJO \u2013 L\u00c4NDLICHER CAMPINGPLATZ<\/p>\n<p style=\"padding-bottom: 8px; font-size: 12px;\">Registo Nacional de Turismo: RNT N\u00ba 8903<\/p>\n<p style=\"padding-bottom: 2px;\"><a target=\"_blank\" href=\"https:\/\/www.livroreclamacoes.pt\/inicio\" rel=\"noopener noreferrer\">Complaint book<\/a>\u00a0\u00a0 <a href=\"https:\/\/campingpuroalentejo.com\/gr\/protecao-de-dados\/#RLO\">Online Dispute Resolution<\/a> \u00a0 <a href=\"https:\/\/campingpuroalentejo.com\/gr\/protecao-de-dados\/#PP\"> Privacy<\/a>\u00a0\u00a0 <a href=\"https:\/\/campingpuroalentejo.com\/gr\/protecao-de-dados\/#PC\">Cookies<\/a><\/p>\n<p style=\"padding-bottom: 0px;\">webdesign by: <a href=\"https:\/\/criativo.net\/\" target=\"_blank\" rel=\"noopener noreferrer\">criativo.net<\/a><\/p>\n<p>[\/et_pb_text][\/et_pb_column][et_pb_column type=&#8221;2_5&#8243; _builder_version=&#8221;3.25&#8243; custom_padding=&#8221;|||&#8221; custom_padding__hover=&#8221;|||&#8221;][et_pb_social_media_follow use_icon_font_size=&#8221;on&#8221; icon_font_size=&#8221;15px&#8221; _builder_version=&#8221;4.4.7&#8243; text_orientation=&#8221;right&#8221; custom_margin=&#8221;0px|60px|0px||true|false&#8221; custom_margin_tablet=&#8221;|0px|||true|false&#8221; custom_margin_phone=&#8221;&#8221; custom_margin_last_edited=&#8221;on|desktop&#8221; custom_padding=&#8221;0px||0px||true|false&#8221; text_orientation_tablet=&#8221;center&#8221; text_orientation_phone=&#8221;&#8221; text_orientation_last_edited=&#8221;on|desktop&#8221; border_radii=&#8221;on|50px|50px|50px|50px&#8221;][et_pb_social_media_follow_network social_network=&#8221;facebook&#8221; url=&#8221;https:\/\/www.facebook.com\/Camping-Puro-Alentejo-624189011274627\/&#8221; _builder_version=&#8221;4.2.2&#8243; background_color=&#8221;#3b5998&#8243; custom_margin=&#8221;0px|0px|0px|0px|true|true&#8221; custom_padding=&#8221;0px|0px|0px|0px|true|true&#8221; follow_button=&#8221;off&#8221; url_new_window=&#8221;on&#8221;]facebook[\/et_pb_social_media_follow_network][et_pb_social_media_follow_network social_network=&#8221;facebook&#8221; url=&#8221;https:\/\/wa.me\/351966828740&#8243; icon_color=&#8221;rgba(0,0,0,0)&#8221; _builder_version=&#8221;4.2.2&#8243; background_color=&#8221;#24CD63&#8243; background_enable_color=&#8221;on&#8221; background_image=&#8221;https:\/\/campingpuroalentejo.com\/gr\/wp-content\/uploads\/2020\/02\/CPA_whatsapp_01.2.png&#8221; background_enable_image=&#8221;on&#8221; custom_margin=&#8221;0px|0px|0px|0px|true|true&#8221; custom_padding=&#8221;0px|0px|0px|0px|true|true&#8221; follow_button=&#8221;off&#8221; url_new_window=&#8221;on&#8221;]facebook[\/et_pb_social_media_follow_network][et_pb_social_media_follow_network social_network=&#8221;instagram&#8221; url=&#8221;https:\/\/www.instagram.com\/campingpuroalentejo\/&#8221; _builder_version=&#8221;4.4.7&#8243; background_color=&#8221;#ea2c59&#8243; custom_margin=&#8221;0px|0px|0px|0px|true|true&#8221; custom_padding=&#8221;0px|0px|0px|0px|true|true&#8221; follow_button=&#8221;off&#8221; url_new_window=&#8221;on&#8221;]instagram[\/et_pb_social_media_follow_network][\/et_pb_social_media_follow][et_pb_image src=&#8221;https:\/\/campingpuroalentejo.com\/gr\/wp-content\/uploads\/2019\/01\/certificado-ssl-pt.png&#8221; align=&#8221;right&#8221; align_tablet=&#8221;center&#8221; align_phone=&#8221;&#8221; align_last_edited=&#8221;on|desktop&#8221; disabled_on=&#8221;on|on|off&#8221; _builder_version=&#8221;4.3.4&#8243; custom_margin=&#8221;-33px|200px|0px|0px|false|false&#8221; custom_margin_tablet=&#8221;20px|0px||0px|false|true&#8221; custom_margin_phone=&#8221;&#8221; custom_margin_last_edited=&#8221;on|tablet&#8221; custom_padding=&#8221;0px|0px|0px|0px|true|true&#8221;][\/et_pb_image][\/et_pb_column][\/et_pb_row][\/et_pb_section]<\/p>\n","protected":false},"excerpt":{"rendered":"<p>UnternehmungenSie k\u00f6nnen auch einfach nichts tun, niemand wird Sie daf\u00fcr verurteilen. Doch wenn Sie historische und kulturelle Ausfl\u00fcge, Wein und Weing\u00e4rten, Gastronomie, Vogelsafari, Radfahren und Spazieren lieben, sind Sie am richtigen Ort.In ElvasGarnisonsstadt\u00a0\u2013 Die am meisten befestigte Stadt Europas ist 15 Minuten von Camping Puro Alentejo entfernt. 2012 wurde sie von UNESCO zum Weltkulturerbe erkl\u00e4rt. [&hellip;]<\/p>\n","protected":false},"author":3,"featured_media":0,"parent":0,"menu_order":0,"comment_status":"closed","ping_status":"closed","template":"","meta":{"_et_pb_use_builder":"on","_et_pb_old_content":"","_et_gb_content_width":"","footnotes":""},"class_list":["post-39466","page","type-page","status-publish","hentry"],"_links":{"self":[{"href":"https:\/\/campingpuroalentejo.com\/gr\/wp-json\/wp\/v2\/pages\/39466","targetHints":{"allow":["GET"]}}],"collection":[{"href":"https:\/\/campingpuroalentejo.com\/gr\/wp-json\/wp\/v2\/pages"}],"about":[{"href":"https:\/\/campingpuroalentejo.com\/gr\/wp-json\/wp\/v2\/types\/page"}],"author":[{"embeddable":true,"href":"https:\/\/campingpuroalentejo.com\/gr\/wp-json\/wp\/v2\/users\/3"}],"replies":[{"embeddable":true,"href":"https:\/\/campingpuroalentejo.com\/gr\/wp-json\/wp\/v2\/comments?post=39466"}],"version-history":[{"count":30,"href":"https:\/\/campingpuroalentejo.com\/gr\/wp-json\/wp\/v2\/pages\/39466\/revisions"}],"predecessor-version":[{"id":42449,"href":"https:\/\/campingpuroalentejo.com\/gr\/wp-json\/wp\/v2\/pages\/39466\/revisions\/42449"}],"wp:attachment":[{"href":"https:\/\/campingpuroalentejo.com\/gr\/wp-json\/wp\/v2\/media?parent=39466"}],"curies":[{"name":"wp","href":"https:\/\/api.w.org\/{rel}","templated":true}]}}